{"id":896,"date":"2013-03-15T14:51:35","date_gmt":"2013-03-15T13:51:35","guid":{"rendered":"http:\/\/tobiseskader.se\/?page_id=896"},"modified":"2013-03-15T14:59:16","modified_gmt":"2013-03-15T13:59:16","slug":"2013-myrangsgarden-mora-text","status":"publish","type":"page","link":"http:\/\/tobiseskader.se\/?page_id=896","title":{"rendered":"2013 Myr\u00e4ngsg\u00e5rden text"},"content":{"rendered":"<h1 style=\"text-align: center;\">TOBIS VINTERM\u00d6TE 2013 I MYR\u00c4NGSG\u00c5RDEN, ORSA-MORA<\/h1>\n<p>Anna Rindstr\u00f6m hade tagit det lovv\u00e4rda initiativet att ordna en tr\u00e4ff f\u00f6r v\u00e5ra medlemmar under den b\u00e4sta delen av vintern, 8-10 mars 2013 . Ankomst den 8 p\u00e5 e.m. efter 35-40 mils bilk\u00f6rande.<\/p>\n<p>Deltagare: Anna med Henrik E, Anna-Karin med Jan-Gunnar, Anna-Stina och Olle, Elisabet med Ulf, Karin med Henrik H, Gunilla med Calle.<\/p>\n<p>Tr\u00e4ffen inf\u00f6ll 10 \u00e5r efter ett liknande evenemang vi hade i Trosa \u00e5r 2003, som p\u00e5mindes om med bilder. Denna g\u00e5ng gynnades vi av ett ovanligt h\u00e4rligt v\u00e4der, solsken \u00f6ver det gnistrande landskapet, sn\u00f6 och is. Temperaturen dagtid l\u00e5g kring noll, men nattetid och tidigt p\u00e5 morgnarna var det kallt, 15-20 minus. Myr\u00e4ngsg\u00e5rden ligger helt n\u00e4ra Orsasj\u00f6n, s\u00e5 b\u00e5de skid- och skridsko\u00e5kning kunde ut\u00f6vas, det senare p\u00e5 en plogad bana. V\u00e5ra deltagare utnyttjade flitigt dessa tillf\u00e4llen.<\/p>\n<p>Anna hade best\u00e4llt en visning med guide p\u00e5 Zorng\u00e5rden p\u00e5 l\u00f6rdag e.m., vilket var mycket uppskattat. P\u00e5 s\u00f6ndagen var det n\u00e5gra som bes\u00f6kte Sundborn utanf\u00f6r Falun, Carl Larssons hem och atelj\u00e9.<\/p>\n<p>Kanske det mest m\u00e4rkv\u00e4rdiga med denna Tobistr\u00e4ff var st\u00e4llet d\u00e4r vi var inlogerade, Myr\u00e4ngsg\u00e5rden och Anders Di\u00f6sg\u00e5rden; det senare fungerade som annex till det f\u00f6rra. Dessa b\u00e5da st\u00e4llen \u00e4r byggda i traditionell Dala-stil, med omsorg och k\u00e4rlek och utomordentligt god smak. V\u00e4rden Per, en vittbefaren charmig man, j\u00e4mte den \u00f6vriga personalen tog hand om oss alla personligt och omt\u00e4nksamt. Dessutom, serverades tv\u00e5 lukulliska middagar, som i Michelins guide \u00f6ver f\u00f6rstklassiga matst\u00e4llen, skulle f\u00e5tt h\u00f6gsta betyg.<\/p>\n<p>P\u00e5 s\u00f6ndagen \u00e5terv\u00e4nde deltagarna till sina hem, n\u00f6jda och glada \u00f6ver att ha tillbringat ett s\u00e5 lyckat veckoslut tillsammans. M\u00e5nga tack till Anna som lagt ner mycket tid f\u00f6r planeringen.<\/p>\n<p>\/Calle och Gunilla Wennerholm Trosa den 15 mars 2013<\/p>\n","protected":false},"excerpt":{"rendered":"<p>TOBIS VINTERM\u00d6TE 2013 I MYR\u00c4NGSG\u00c5RDEN, ORSA-MORA Anna Rindstr\u00f6m hade tagit det lovv\u00e4rda initiativet att ordna en tr\u00e4ff f\u00f6r v\u00e5ra medlemmar under den b\u00e4sta delen av vintern, 8-10 mars 2013 . Ankomst den 8 p\u00e5 e.m. efter 35-40 mils bilk\u00f6rande. Deltagare: &hellip; <a href=\"http:\/\/tobiseskader.se\/?page_id=896\">Forts\u00e4tt l\u00e4sa <span class=\"meta-nav\">&rarr;<\/span><\/a><\/p>\n","protected":false},"author":1,"featured_media":0,"parent":892,"menu_order":11,"comment_status":"closed","ping_status":"closed","template":"","meta":{"ngg_post_thumbnail":0,"footnotes":""},"class_list":["post-896","page","type-page","status-publish","hentry"],"_links":{"self":[{"href":"http:\/\/tobiseskader.se\/index.php?rest_route=\/wp\/v2\/pages\/896","targetHints":{"allow":["GET"]}}],"collection":[{"href":"http:\/\/tobiseskader.se\/index.php?rest_route=\/wp\/v2\/pages"}],"about":[{"href":"http:\/\/tobiseskader.se\/index.php?rest_route=\/wp\/v2\/types\/page"}],"author":[{"embeddable":true,"href":"http:\/\/tobiseskader.se\/index.php?rest_route=\/wp\/v2\/users\/1"}],"replies":[{"embeddable":true,"href":"http:\/\/tobiseskader.se\/index.php?rest_route=%2Fwp%2Fv2%2Fcomments&post=896"}],"version-history":[{"count":8,"href":"http:\/\/tobiseskader.se\/index.php?rest_route=\/wp\/v2\/pages\/896\/revisions"}],"predecessor-version":[{"id":906,"href":"http:\/\/tobiseskader.se\/index.php?rest_route=\/wp\/v2\/pages\/896\/revisions\/906"}],"up":[{"embeddable":true,"href":"http:\/\/tobiseskader.se\/index.php?rest_route=\/wp\/v2\/pages\/892"}],"wp:attachment":[{"href":"http:\/\/tobiseskader.se\/index.php?rest_route=%2Fwp%2Fv2%2Fmedia&parent=896"}],"curies":[{"name":"wp","href":"https:\/\/api.w.org\/{rel}","templated":true}]}}